{"version":"1.0","provider_name":"News Est Lyonnais","provider_url":"https:\/\/newsestlyonnais.fr\/site","author_name":"R\u00e9dac. NEWS","author_url":"https:\/\/newsestlyonnais.fr\/site\/author\/nel\/","title":"GENAS | 117 participants au cyclo-cross du Parc du Mathan - News Est Lyonnais","type":"rich","width":600,"height":338,"html":"<blockquote class=\"wp-embedded-content\" data-secret=\"gBfUGsATiV\"><a href=\"https:\/\/newsestlyonnais.fr\/site\/2016\/11\/19\/genas-117-participants-cyclo-cross-parc-mathan\/\">GENAS | 117 participants au cyclo-cross du Parc du Mathan<\/a><\/blockquote><iframe sandbox=\"allow-scripts\" security=\"restricted\" src=\"https:\/\/newsestlyonnais.fr\/site\/2016\/11\/19\/genas-117-participants-cyclo-cross-parc-mathan\/embed\/#?secret=gBfUGsATiV\" width=\"600\" height=\"338\" title=\"\u00ab\u00a0GENAS | 117 participants au cyclo-cross du Parc du Mathan\u00a0\u00bb &#8212; News Est Lyonnais\" data-secret=\"gBfUGsATiV\" frameborder=\"0\" marginwidth=\"0\" marginheight=\"0\" scrolling=\"no\" class=\"wp-embedded-content\"><\/iframe><script type=\"text\/javascript\">\n\/* <![CDATA[ *\/\n\/*! This file is auto-generated *\/\n!function(d,l){\"use strict\";l.querySelector&&d.addEventListener&&\"undefined\"!=typeof URL&&(d.wp=d.wp||{},d.wp.receiveEmbedMessage||(d.wp.receiveEmbedMessage=function(e){var t=e.data;if((t||t.secret||t.message||t.value)&&!\/[^a-zA-Z0-9]\/.test(t.secret)){for(var s,r,n,a=l.querySelectorAll('iframe[data-secret=\"'+t.secret+'\"]'),o=l.querySelectorAll('blockquote[data-secret=\"'+t.secret+'\"]'),c=new RegExp(\"^https?:$\",\"i\"),i=0;i<o.length;i++)o[i].style.display=\"none\";for(i=0;i<a.length;i++)s=a[i],e.source===s.contentWindow&&(s.removeAttribute(\"style\"),\"height\"===t.message?(1e3<(r=parseInt(t.value,10))?r=1e3:~~r<200&&(r=200),s.height=r):\"link\"===t.message&&(r=new URL(s.getAttribute(\"src\")),n=new URL(t.value),c.test(n.protocol))&&n.host===r.host&&l.activeElement===s&&(d.top.location.href=t.value))}},d.addEventListener(\"message\",d.wp.receiveEmbedMessage,!1),l.addEventListener(\"DOMContentLoaded\",function(){for(var e,t,s=l.querySelectorAll(\"iframe.wp-embedded-content\"),r=0;r<s.length;r++)(t=(e=s[r]).getAttribute(\"data-secret\"))||(t=Math.random().toString(36).substring(2,12),e.src+=\"#?secret=\"+t,e.setAttribute(\"data-secret\",t)),e.contentWindow.postMessage({message:\"ready\",secret:t},\"*\")},!1)))}(window,document);\n\/\/# sourceURL=https:\/\/newsestlyonnais.fr\/site\/wp-includes\/js\/wp-embed.min.js\n\/* ]]> *\/\n<\/script>\n","thumbnail_url":"https:\/\/i0.wp.com\/newsestlyonnais.fr\/site\/wp-content\/uploads\/2016\/11\/NEWSESTLYONNAIS-DEPARTCYCLO-GENAS.jpg?fit=1000%2C750&ssl=1","thumbnail_width":1000,"thumbnail_height":750,"description":"La 7\u00b0 \u00e9tape du challenge des Forts et Parcs de cyclo-cross, organis\u00e9e par la FSGT 69 s&rsquo;est d\u00e9roul\u00e9e samedi apr\u00e8s-midi sous le soleil au Parc de Mathan de Genas. Participation massive avec 32 jeunes et 85 adultes qui ont pris le d\u00e9part des diff\u00e9rentes courses mises en place sur un circuit s\u00e9lectif et un terrain [&hellip;]"}