{"id":90443,"date":"2019-12-06T05:50:42","date_gmt":"2019-12-06T04:50:42","guid":{"rendered":"https:\/\/newsestlyonnais.fr\/site\/medias\/2019\/12\/Affiche-T\u00e9l\u00e9thon-1.png"},"modified":"2019-12-06T05:51:53","modified_gmt":"2019-12-06T04:51:53","slug":"affiche-telethon-1-2","status":"inherit","type":"attachment","link":"https:\/\/newsestlyonnais.fr\/site\/2019\/12\/06\/decines-et-lyon-8-2-tournois-de-volley-en-faveur-du-telethon\/affiche-telethon-1-2\/","title":{"rendered":"Affiche T\u00e9l\u00e9thon (1)"},"author":4,"featured_media":0,"comment_status":"open","ping_status":"closed","template":"","meta":[],"class_list":["post-90443","attachment","type-attachment","status-inherit","hentry"],"yoast_head":"<!-- This site is optimized with the Yoast SEO plugin v27.2 - https:\/\/yoast.com\/product\/yoast-seo-wordpress\/ -->\n<title>Affiche T\u00e9l\u00e9thon (1) - News Est Lyonnais<\/title>\n<meta name=\"robots\" content=\"index, follow, max-snippet:-1, max-image-preview:large, max-video-preview:-1\" \/>\n<link rel=\"canonical\" href=\"https:\/\/newsestlyonnais.fr\/site\/wp-content\/uploads\/2019\/12\/Affiche-T\u00e9l\u00e9thon-1.png\" \/>\n<meta property=\"og:locale\" content=\"fr_FR\" \/>\n<meta property=\"og:type\" content=\"article\" \/>\n<meta property=\"og:title\" content=\"Affiche T\u00e9l\u00e9thon (1) - News Est Lyonnais\" \/>\n<meta property=\"og:description\" content=\"Tournoi du Volley Bron Lyon Lumi\u00e8re\" \/>\n<meta property=\"og:url\" content=\"https:\/\/newsestlyonnais.fr\/site\/wp-content\/uploads\/2019\/12\/Affiche-T\u00e9l\u00e9thon-1.png\" \/>\n<meta property=\"og:site_name\" content=\"News Est Lyonnais\" \/>\n<meta property=\"article:modified_time\" content=\"2019-12-06T04:51:53+00:00\" \/>\n<meta property=\"og:image\" content=\"https:\/\/i2.wp.com\/newsestlyonnais.fr\/site\/wp-content\/uploads\/2019\/12\/Affiche-T\u00e9l\u00e9thon-1.png?fit=800%2C1200&ssl=1\" \/>\n\t<meta property=\"og:image:width\" content=\"800\" \/>\n\t<meta property=\"og:image:height\" content=\"1200\" \/>\n\t<meta property=\"og:image:type\" content=\"image\/png\" \/>\n<meta name=\"twitter:card\" content=\"summary_large_image\" \/>\n<script type=\"application\/ld+json\" class=\"yoast-schema-graph\">{\"@context\":\"https:\/\/schema.org\",\"@graph\":[{\"@type\":\"WebPage\",\"@id\":\"https:\/\/newsestlyonnais.fr\/site\/wp-content\/uploads\/2019\/12\/Affiche-T\u00e9l\u00e9thon-1.png\",\"url\":\"https:\/\/newsestlyonnais.fr\/site\/wp-content\/uploads\/2019\/12\/Affiche-T\u00e9l\u00e9thon-1.png\",\"name\":\"Affiche T\u00e9l\u00e9thon (1) - News Est Lyonnais\",\"isPartOf\":{\"@id\":\"https:\/\/newsestlyonnais.fr\/site\/#website\"},\"datePublished\":\"2019-12-06T04:50:42+00:00\",\"dateModified\":\"2019-12-06T04:51:53+00:00\",\"breadcrumb\":{\"@id\":\"https:\/\/newsestlyonnais.fr\/site\/wp-content\/uploads\/2019\/12\/Affiche-T\u00e9l\u00e9thon-1.png#breadcrumb\"},\"inLanguage\":\"fr-FR\",\"potentialAction\":[{\"@type\":\"ReadAction\",\"target\":[\"https:\/\/newsestlyonnais.fr\/site\/wp-content\/uploads\/2019\/12\/Affiche-T\u00e9l\u00e9thon-1.png\"]}]},{\"@type\":\"BreadcrumbList\",\"@id\":\"https:\/\/newsestlyonnais.fr\/site\/wp-content\/uploads\/2019\/12\/Affiche-T\u00e9l\u00e9thon-1.png#breadcrumb\",\"itemListElement\":[{\"@type\":\"ListItem\",\"position\":1,\"name\":\"Accueil\",\"item\":\"https:\/\/newsestlyonnais.fr\/site\/\"},{\"@type\":\"ListItem\",\"position\":2,\"name\":\"DECINES et LYON 8 | 2 tournois de volley en faveur du T\u00e9l\u00e9thon\",\"item\":\"https:\/\/newsestlyonnais.fr\/site\/2019\/12\/06\/decines-et-lyon-8-2-tournois-de-volley-en-faveur-du-telethon\/\"},{\"@type\":\"ListItem\",\"position\":3,\"name\":\"Affiche T\u00e9l\u00e9thon (1)\"}]},{\"@type\":\"WebSite\",\"@id\":\"https:\/\/newsestlyonnais.fr\/site\/#website\",\"url\":\"https:\/\/newsestlyonnais.fr\/site\/\",\"name\":\"News Est Lyonnais\",\"description\":\"L&#039;actualit\u00e9 au plus pr\u00e8s\",\"publisher\":{\"@id\":\"https:\/\/newsestlyonnais.fr\/site\/#organization\"},\"potentialAction\":[{\"@type\":\"SearchAction\",\"target\":{\"@type\":\"EntryPoint\",\"urlTemplate\":\"https:\/\/newsestlyonnais.fr\/site\/?s={search_term_string}\"},\"query-input\":{\"@type\":\"PropertyValueSpecification\",\"valueRequired\":true,\"valueName\":\"search_term_string\"}}],\"inLanguage\":\"fr-FR\"},{\"@type\":\"Organization\",\"@id\":\"https:\/\/newsestlyonnais.fr\/site\/#organization\",\"name\":\"News EST LYONNAIS\",\"url\":\"https:\/\/newsestlyonnais.fr\/site\/\",\"logo\":{\"@type\":\"ImageObject\",\"inLanguage\":\"fr-FR\",\"@id\":\"https:\/\/newsestlyonnais.fr\/site\/#\/schema\/logo\/image\/\",\"url\":\"\",\"contentUrl\":\"\",\"caption\":\"News EST LYONNAIS\"},\"image\":{\"@id\":\"https:\/\/newsestlyonnais.fr\/site\/#\/schema\/logo\/image\/\"}}]}<\/script>\n<!-- \/ Yoast SEO plugin. -->","yoast_head_json":{"title":"Affiche T\u00e9l\u00e9thon (1) - News Est Lyonnais","robots":{"index":"index","follow":"follow","max-snippet":"max-snippet:-1","max-image-preview":"max-image-preview:large","max-video-preview":"max-video-preview:-1"},"canonical":"https:\/\/newsestlyonnais.fr\/site\/wp-content\/uploads\/2019\/12\/Affiche-T\u00e9l\u00e9thon-1.png","og_locale":"fr_FR","og_type":"article","og_title":"Affiche T\u00e9l\u00e9thon (1) - News Est Lyonnais","og_description":"Tournoi du Volley Bron Lyon Lumi\u00e8re","og_url":"https:\/\/newsestlyonnais.fr\/site\/wp-content\/uploads\/2019\/12\/Affiche-T\u00e9l\u00e9thon-1.png","og_site_name":"News Est Lyonnais","article_modified_time":"2019-12-06T04:51:53+00:00","og_image":[{"width":800,"height":1200,"url":"https:\/\/i2.wp.com\/newsestlyonnais.fr\/site\/wp-content\/uploads\/2019\/12\/Affiche-T\u00e9l\u00e9thon-1.png?fit=800%2C1200&ssl=1","type":"image\/png"}],"twitter_card":"summary_large_image","schema":{"@context":"https:\/\/schema.org","@graph":[{"@type":"WebPage","@id":"https:\/\/newsestlyonnais.fr\/site\/wp-content\/uploads\/2019\/12\/Affiche-T\u00e9l\u00e9thon-1.png","url":"https:\/\/newsestlyonnais.fr\/site\/wp-content\/uploads\/2019\/12\/Affiche-T\u00e9l\u00e9thon-1.png","name":"Affiche T\u00e9l\u00e9thon (1) - News Est Lyonnais","isPartOf":{"@id":"https:\/\/newsestlyonnais.fr\/site\/#website"},"datePublished":"2019-12-06T04:50:42+00:00","dateModified":"2019-12-06T04:51:53+00:00","breadcrumb":{"@id":"https:\/\/newsestlyonnais.fr\/site\/wp-content\/uploads\/2019\/12\/Affiche-T\u00e9l\u00e9thon-1.png#breadcrumb"},"inLanguage":"fr-FR","potentialAction":[{"@type":"ReadAction","target":["https:\/\/newsestlyonnais.fr\/site\/wp-content\/uploads\/2019\/12\/Affiche-T\u00e9l\u00e9thon-1.png"]}]},{"@type":"BreadcrumbList","@id":"https:\/\/newsestlyonnais.fr\/site\/wp-content\/uploads\/2019\/12\/Affiche-T\u00e9l\u00e9thon-1.png#breadcrumb","itemListElement":[{"@type":"ListItem","position":1,"name":"Accueil","item":"https:\/\/newsestlyonnais.fr\/site\/"},{"@type":"ListItem","position":2,"name":"DECINES et LYON 8 | 2 tournois de volley en faveur du T\u00e9l\u00e9thon","item":"https:\/\/newsestlyonnais.fr\/site\/2019\/12\/06\/decines-et-lyon-8-2-tournois-de-volley-en-faveur-du-telethon\/"},{"@type":"ListItem","position":3,"name":"Affiche T\u00e9l\u00e9thon (1)"}]},{"@type":"WebSite","@id":"https:\/\/newsestlyonnais.fr\/site\/#website","url":"https:\/\/newsestlyonnais.fr\/site\/","name":"News Est Lyonnais","description":"L&#039;actualit\u00e9 au plus pr\u00e8s","publisher":{"@id":"https:\/\/newsestlyonnais.fr\/site\/#organization"},"potentialAction":[{"@type":"SearchAction","target":{"@type":"EntryPoint","urlTemplate":"https:\/\/newsestlyonnais.fr\/site\/?s={search_term_string}"},"query-input":{"@type":"PropertyValueSpecification","valueRequired":true,"valueName":"search_term_string"}}],"inLanguage":"fr-FR"},{"@type":"Organization","@id":"https:\/\/newsestlyonnais.fr\/site\/#organization","name":"News EST LYONNAIS","url":"https:\/\/newsestlyonnais.fr\/site\/","logo":{"@type":"ImageObject","inLanguage":"fr-FR","@id":"https:\/\/newsestlyonnais.fr\/site\/#\/schema\/logo\/image\/","url":"","contentUrl":"","caption":"News EST LYONNAIS"},"image":{"@id":"https:\/\/newsestlyonnais.fr\/site\/#\/schema\/logo\/image\/"}}]}},"description":{"rendered":"<p class=\"attachment\"><a href='https:\/\/newsestlyonnais.fr\/site\/wp-content\/uploads\/2019\/12\/Affiche-T\u00e9l\u00e9thon-1.png'><img loading=\"lazy\" decoding=\"async\" width=\"200\" height=\"300\" src=\"https:\/\/newsestlyonnais.fr\/site\/wp-content\/uploads\/2019\/12\/Affiche-T\u00e9l\u00e9thon-1-400x600.png\" class=\"attachment-medium size-medium\" alt=\"\" srcset=\"https:\/\/newsestlyonnais.fr\/site\/wp-content\/uploads\/2019\/12\/Affiche-T\u00e9l\u00e9thon-1-400x600.png 400w, https:\/\/newsestlyonnais.fr\/site\/wp-content\/uploads\/2019\/12\/Affiche-T\u00e9l\u00e9thon-1-650x975.png 650w, https:\/\/newsestlyonnais.fr\/site\/wp-content\/uploads\/2019\/12\/Affiche-T\u00e9l\u00e9thon-1-250x375.png 250w, https:\/\/newsestlyonnais.fr\/site\/wp-content\/uploads\/2019\/12\/Affiche-T\u00e9l\u00e9thon-1-768x1152.png 768w, https:\/\/newsestlyonnais.fr\/site\/wp-content\/uploads\/2019\/12\/Affiche-T\u00e9l\u00e9thon-1-150x225.png 150w, https:\/\/newsestlyonnais.fr\/site\/wp-content\/uploads\/2019\/12\/Affiche-T\u00e9l\u00e9thon-1-50x75.png 50w, https:\/\/newsestlyonnais.fr\/site\/wp-content\/uploads\/2019\/12\/Affiche-T\u00e9l\u00e9thon-1-100x150.png 100w, https:\/\/newsestlyonnais.fr\/site\/wp-content\/uploads\/2019\/12\/Affiche-T\u00e9l\u00e9thon-1-200x300.png 200w, https:\/\/newsestlyonnais.fr\/site\/wp-content\/uploads\/2019\/12\/Affiche-T\u00e9l\u00e9thon-1-300x450.png 300w, https:\/\/newsestlyonnais.fr\/site\/wp-content\/uploads\/2019\/12\/Affiche-T\u00e9l\u00e9thon-1-350x525.png 350w, https:\/\/newsestlyonnais.fr\/site\/wp-content\/uploads\/2019\/12\/Affiche-T\u00e9l\u00e9thon-1-450x675.png 450w, https:\/\/newsestlyonnais.fr\/site\/wp-content\/uploads\/2019\/12\/Affiche-T\u00e9l\u00e9thon-1-500x750.png 500w, https:\/\/newsestlyonnais.fr\/site\/wp-content\/uploads\/2019\/12\/Affiche-T\u00e9l\u00e9thon-1-550x825.png 550w, https:\/\/newsestlyonnais.fr\/site\/wp-content\/uploads\/2019\/12\/Affiche-T\u00e9l\u00e9thon-1.png 800w\" sizes=\"auto, (max-width: 200px) 100vw, 200px\" \/><\/a><\/p>\n<p>Volley Bron Lyon Lumi\u00e8re<\/p>\n"},"caption":{"rendered":"<p>Tournoi du Volley Bron Lyon Lumi\u00e8re<\/p>\n"},"alt_text":"","media_type":"image","mime_type":"image\/png","media_details":{"width":800,"height":1200,"file":"2019\/12\/Affiche-T\u00e9l\u00e9thon-1.png","sizes":{"medium":{"file":"Affiche-T\u00e9l\u00e9thon-1-400x600.png","width":400,"height":600,"mime_type":"image\/png","source_url":"https:\/\/newsestlyonnais.fr\/site\/wp-content\/uploads\/2019\/12\/Affiche-T\u00e9l\u00e9thon-1-400x600.png"},"large":{"file":"Affiche-T\u00e9l\u00e9thon-1-650x975.png","width":650,"height":975,"mime_type":"image\/png","source_url":"https:\/\/newsestlyonnais.fr\/site\/wp-content\/uploads\/2019\/12\/Affiche-T\u00e9l\u00e9thon-1-650x975.png"},"thumbnail":{"file":"Affiche-T\u00e9l\u00e9thon-1-250x375.png","width":250,"height":375,"mime_type":"image\/png","source_url":"https:\/\/newsestlyonnais.fr\/site\/wp-content\/uploads\/2019\/12\/Affiche-T\u00e9l\u00e9thon-1-250x375.png"},"medium_large":{"file":"Affiche-T\u00e9l\u00e9thon-1-768x1152.png","width":768,"height":1152,"mime_type":"image\/png","source_url":"https:\/\/newsestlyonnais.fr\/site\/wp-content\/uploads\/2019\/12\/Affiche-T\u00e9l\u00e9thon-1-768x1152.png"},"post-thumbnail":{"file":"Affiche-T\u00e9l\u00e9thon-1-150x225.png","width":150,"height":225,"mime_type":"image\/png","source_url":"https:\/\/newsestlyonnais.fr\/site\/wp-content\/uploads\/2019\/12\/Affiche-T\u00e9l\u00e9thon-1-150x225.png"},"scale-050":{"file":"Affiche-T\u00e9l\u00e9thon-1-50x75.png","width":50,"height":75,"mime_type":"image\/png","source_url":"https:\/\/newsestlyonnais.fr\/site\/wp-content\/uploads\/2019\/12\/Affiche-T\u00e9l\u00e9thon-1-50x75.png"},"scale-100":{"file":"Affiche-T\u00e9l\u00e9thon-1-100x150.png","width":100,"height":150,"mime_type":"image\/png","source_url":"https:\/\/newsestlyonnais.fr\/site\/wp-content\/uploads\/2019\/12\/Affiche-T\u00e9l\u00e9thon-1-100x150.png"},"scale-150":{"file":"Affiche-T\u00e9l\u00e9thon-1-150x225.png","width":150,"height":225,"mime_type":"image\/png","source_url":"https:\/\/newsestlyonnais.fr\/site\/wp-content\/uploads\/2019\/12\/Affiche-T\u00e9l\u00e9thon-1-150x225.png"},"scale-200":{"file":"Affiche-T\u00e9l\u00e9thon-1-200x300.png","width":200,"height":300,"mime_type":"image\/png","source_url":"https:\/\/newsestlyonnais.fr\/site\/wp-content\/uploads\/2019\/12\/Affiche-T\u00e9l\u00e9thon-1-200x300.png"},"scale-300":{"file":"Affiche-T\u00e9l\u00e9thon-1-300x450.png","width":300,"height":450,"mime_type":"image\/png","source_url":"https:\/\/newsestlyonnais.fr\/site\/wp-content\/uploads\/2019\/12\/Affiche-T\u00e9l\u00e9thon-1-300x450.png"},"scale-350":{"file":"Affiche-T\u00e9l\u00e9thon-1-350x525.png","width":350,"height":525,"mime_type":"image\/png","source_url":"https:\/\/newsestlyonnais.fr\/site\/wp-content\/uploads\/2019\/12\/Affiche-T\u00e9l\u00e9thon-1-350x525.png"},"scale-450":{"file":"Affiche-T\u00e9l\u00e9thon-1-450x675.png","width":450,"height":675,"mime_type":"image\/png","source_url":"https:\/\/newsestlyonnais.fr\/site\/wp-content\/uploads\/2019\/12\/Affiche-T\u00e9l\u00e9thon-1-450x675.png"},"scale-500":{"file":"Affiche-T\u00e9l\u00e9thon-1-500x750.png","width":500,"height":750,"mime_type":"image\/png","source_url":"https:\/\/newsestlyonnais.fr\/site\/wp-content\/uploads\/2019\/12\/Affiche-T\u00e9l\u00e9thon-1-500x750.png"},"scale-550":{"file":"Affiche-T\u00e9l\u00e9thon-1-550x825.png","width":550,"height":825,"mime_type":"image\/png","source_url":"https:\/\/newsestlyonnais.fr\/site\/wp-content\/uploads\/2019\/12\/Affiche-T\u00e9l\u00e9thon-1-550x825.png"},"full":{"file":"Affiche-T\u00e9l\u00e9thon-1.png","width":800,"height":1200,"mime_type":"image\/png","source_url":"https:\/\/newsestlyonnais.fr\/site\/wp-content\/uploads\/2019\/12\/Affiche-T\u00e9l\u00e9thon-1.png"}},"image_meta":{"aperture":"0","credit":"","camera":"","caption":"","created_timestamp":"0","copyright":"","focal_length":"0","iso":"0","shutter_speed":"0","title":"","orientation":"0","keywords":[]}},"post":90441,"source_url":"https:\/\/newsestlyonnais.fr\/site\/wp-content\/uploads\/2019\/12\/Affiche-T\u00e9l\u00e9thon-1.png","_links":{"self":[{"href":"https:\/\/newsestlyonnais.fr\/site\/wp-json\/wp\/v2\/media\/90443","targetHints":{"allow":["GET"]}}],"collection":[{"href":"https:\/\/newsestlyonnais.fr\/site\/wp-json\/wp\/v2\/media"}],"about":[{"href":"https:\/\/newsestlyonnais.fr\/site\/wp-json\/wp\/v2\/types\/attachment"}],"author":[{"embeddable":true,"href":"https:\/\/newsestlyonnais.fr\/site\/wp-json\/wp\/v2\/users\/4"}],"replies":[{"embeddable":true,"href":"https:\/\/newsestlyonnais.fr\/site\/wp-json\/wp\/v2\/comments?post=90443"}],"wp:attached-to":[{"embeddable":true,"post_type":"post","id":90441,"href":"https:\/\/newsestlyonnais.fr\/site\/wp-json\/wp\/v2\/posts\/90441"}],"curies":[{"name":"wp","href":"https:\/\/api.w.org\/{rel}","templated":true}]}}